{"id":1474,"date":"2019-06-10T12:38:53","date_gmt":"2019-06-10T10:38:53","guid":{"rendered":"https:\/\/kidsdance-kiel.de\/?page_id=1474"},"modified":"2019-06-10T20:38:20","modified_gmt":"2019-06-10T18:38:20","slug":"gemeindefest-in-friedrichsort","status":"publish","type":"page","link":"https:\/\/kidsdance-kiel.de\/?page_id=1474","title":{"rendered":"Gemeindefest in Friedrichsort"},"content":{"rendered":"\n<p>Beim Gemeindefest in Friedrichsort gab es einiges zu sehen. Das Wetter spielte leider nicht mit, was jedoch niemanden aufhielt dabei zu sein.<br>\nIm gro\u00dfen Saal pr\u00e4sentierten die KidsDancekindern auf der B\u00fchne was sie beim Training schon alles gelernt haben.<br>\nDa die Friedrichsorter Gruppen Dienstags und Donnerstags im gro\u00dfen Saal trainieren war es f\u00fcr viele Kinder ein toller Auftritt in gewohnter Umgebung!<\/p>\n\n\n\n<p>F\u00fcr diese Auftrittsm\u00f6glichkeit, die tolle Atmosph\u00e4re und die Einladung am Gemeindefest teilnehmen zu d\u00fcrfen, m\u00f6chten wir uns herzlich bei B\u00e4rbel Keller und der Ev.-Luth. Kirchengemeinde Pries-Friedrichsort bedanken.<\/p>\n\n\n\n<p>F\u00fcr die Fotos bedanken wir uns bei Benedikt Langmaack<\/p>\n\n\n\nngg_shortcode_0_placeholder\n","protected":false},"excerpt":{"rendered":"<p>Beim Gemeindefest in Friedrichsort gab es einiges zu sehen. Das Wetter spielte leider nicht mit, was jedoch niemanden aufhielt dabei zu sein. Im gro\u00dfen Saal pr\u00e4sentierten die KidsDancekindern auf der B\u00fchne was sie beim&#46;&#46;&#46;<\/p>\n","protected":false},"author":3,"featured_media":0,"parent":0,"menu_order":0,"comment_status":"closed","ping_status":"closed","template":"","meta":{"ngg_post_thumbnail":0,"footnotes":""},"_links":{"self":[{"href":"https:\/\/kidsdance-kiel.de\/index.php?rest_route=\/wp\/v2\/pages\/1474"}],"collection":[{"href":"https:\/\/kidsdance-kiel.de\/index.php?rest_route=\/wp\/v2\/pages"}],"about":[{"href":"https:\/\/kidsdance-kiel.de\/index.php?rest_route=\/wp\/v2\/types\/page"}],"author":[{"embeddable":true,"href":"https:\/\/kidsdance-kiel.de\/index.php?rest_route=\/wp\/v2\/users\/3"}],"replies":[{"embeddable":true,"href":"https:\/\/kidsdance-kiel.de\/index.php?rest_route=%2Fwp%2Fv2%2Fcomments&post=1474"}],"version-history":[{"count":7,"href":"https:\/\/kidsdance-kiel.de\/index.php?rest_route=\/wp\/v2\/pages\/1474\/revisions"}],"predecessor-version":[{"id":1497,"href":"https:\/\/kidsdance-kiel.de\/index.php?rest_route=\/wp\/v2\/pages\/1474\/revisions\/1497"}],"wp:attachment":[{"href":"https:\/\/kidsdance-kiel.de\/index.php?rest_route=%2Fwp%2Fv2%2Fmedia&parent=1474"}],"curies":[{"name":"wp","href":"https:\/\/api.w.org\/{rel}","templated":true}]}}